{"id":2964,"date":"2022-12-08T17:03:13","date_gmt":"2022-12-08T16:03:13","guid":{"rendered":"https:\/\/www.fourchette.com\/chef-places\/"},"modified":"2023-04-18T16:51:11","modified_gmt":"2023-04-18T14:51:11","slug":"chef-places","status":"publish","type":"page","link":"https:\/\/www.fourchette.com\/fr\/chef-places\/","title":{"rendered":"Chef &amp; places"},"content":{"rendered":"<div class=\"wpb-content-wrapper\">[vc_row][vc_column width=\u00a0\u00bb1\/2&Prime;][vc_column_text]Fourchette est encore plus savoureuse avec un repas gastronomique d\u2019exception. Et accompagn\u00e9 de Fourchette, ce repas \u00e9toil\u00e9 b\u00e9n\u00e9ficie d\u2019une touche d&rsquo;\u00e9l\u00e9gance suppl\u00e9mentaire. Gagnant-gagnant\u00a0! D\u00e9couvrez l&rsquo;histoire de hotspots culinaires o\u00f9 vous pouvez d\u00e9guster notre bi\u00e8re, et comment Fourchette y a inspir\u00e9 les chefs.[\/vc_column_text][\/vc_column][vc_column width=\u00a0\u00bb1\/2&Prime;][\/vc_column][\/vc_row][vc_row][vc_column]<div id=\"news-grid\" class=\"wpex-post-cards wpex-post-cards-template_526 wpex-relative\"  data-vcex-class=\"Wpex_Post_Cards_Shortcode\" data-vcex-atts=\"{&quot;card_style&quot;:&quot;template_526&quot;,&quot;entry_count&quot;:1,&quot;featured_margin&quot;:&quot;50px&quot;,&quot;running_count&quot;:10,&quot;tax_query&quot;:&quot;true&quot;,&quot;tax_query_taxonomy&quot;:&quot;category&quot;,&quot;tax_query_terms&quot;:&quot;chefs-places&quot;,&quot;unique_id&quot;:&quot;news-grid&quot;,&quot;nonce&quot;:&quot;f07857e86d&quot;}\" data-vcex-current-page=\"1\" aria-live=\"polite\" aria-relevant=\"additions removals\" data-vcex-max-pages=\"0\"><div class=\"wpex-post-cards-inner\"><div class=\"wpex-post-cards-loop wpex-post-cards-grid wpex-row wpex-clr\"><div class=\"wpex-post-cards-entry col col-1 span_1_of_3 post-2984 type-post cat-52 translation_priority-42\"><div class=\"wpex-card wpex-card-template_526 card-black-gradient\"><a href=\"https:\/\/www.fourchette.com\/fr\/gasthof-halifax-smaak-authenticiteit-aan-de-oevers-van-de-leie\/\" aria-label=\"Gasthof Halifax &#8211; Go\u00fbt et authenticit\u00e9 au bord de la Lys\" class=\"wpex-card-inner wpex-no-underline wpex-inherit-color\"><div class=\"vc_row wpb_row vc_row-fluid wpex-relative\"><div class=\"wpb_column vc_column_container vc_col-sm-12\"><div class=\"vc_column-inner\"><div class=\"wpb_wrapper\"><figure class=\"vcex-image vcex-module\"><div class=\"vcex-image-inner wpex-relative wpex-inline-block\"><span href=\"https:\/\/www.fourchette.com\/fr\/gasthof-halifax-smaak-authenticiteit-aan-de-oevers-van-de-leie\/\"><img loading=\"lazy\" class=\"vcex-image-img wpex-align-middle\" decoding=\"async\" src=\"https:\/\/www.fourchette.com\/wp-content\/uploads\/sites\/2\/2023\/01\/Fourchette_-Gasthof-Halifax_bier-600x400.jpg\" alt=\"\" width=\"600\" height=\"400\"><\/span><\/div><\/figure><div class=\"vcex-flex-container vcex-module wpex-flex wpex-gap-20 wpex-flex-col\"><h3 class=\"vcex-heading vcex-heading-plain vcex-module wpex-heading wpex-text-2xl wpex-h3\"><span class=\"vcex-heading-inner wpex-inline-block\">Gasthof Halifax &#8211; Go\u00fbt et authenticit\u00e9 au bord de la Lys<\/span><\/h3><span href=\"https:\/\/www.fourchette.com\/fr\/gasthof-halifax-smaak-authenticiteit-aan-de-oevers-van-de-leie\/\" class=\"vcex-button theme-txt-link small align-left wpex-inline-block inline\"><span class=\"vcex-button-inner theme-button-inner wpex-flex wpex-flex-wrap wpex-items-center wpex-justify-center\">En savoir plus<\/span><\/span> <\/div><\/div><\/div><\/div><\/div><\/a><\/div><\/div><div class=\"wpex-post-cards-entry col col-2 span_1_of_3 post-2986 type-post cat-52 translation_priority-44 translation_priority-42\"><div class=\"wpex-card wpex-card-template_526 card-black-gradient\"><a href=\"https:\/\/www.fourchette.com\/fr\/chef-bram-vanaudenaerde-karbon-gent\/\" aria-label=\"Chef Bram Vanaudenaerde, Karbon Gent\" class=\"wpex-card-inner wpex-no-underline wpex-inherit-color\"><div class=\"vc_row wpb_row vc_row-fluid wpex-relative\"><div class=\"wpb_column vc_column_container vc_col-sm-12\"><div class=\"vc_column-inner\"><div class=\"wpb_wrapper\"><figure class=\"vcex-image vcex-module\"><div class=\"vcex-image-inner wpex-relative wpex-inline-block\"><span href=\"https:\/\/www.fourchette.com\/fr\/chef-bram-vanaudenaerde-karbon-gent\/\"><img loading=\"lazy\" class=\"vcex-image-img wpex-align-middle\" decoding=\"async\" src=\"https:\/\/www.fourchette.com\/wp-content\/uploads\/sites\/2\/2023\/01\/Fourchette_Karbon_sfeer-600x400.png\" alt=\"\" width=\"600\" height=\"400\"><\/span><\/div><\/figure><div class=\"vcex-flex-container vcex-module wpex-flex wpex-gap-20 wpex-flex-col\"><h3 class=\"vcex-heading vcex-heading-plain vcex-module wpex-heading wpex-text-2xl wpex-h3\"><span class=\"vcex-heading-inner wpex-inline-block\">Chef Bram Vanaudenaerde, Karbon Gent<\/span><\/h3><span href=\"https:\/\/www.fourchette.com\/fr\/chef-bram-vanaudenaerde-karbon-gent\/\" class=\"vcex-button theme-txt-link small align-left wpex-inline-block inline\"><span class=\"vcex-button-inner theme-button-inner wpex-flex wpex-flex-wrap wpex-items-center wpex-justify-center\">En savoir plus<\/span><\/span> <\/div><\/div><\/div><\/div><\/div><\/a><\/div><\/div><div class=\"wpex-post-cards-entry col col-3 span_1_of_3 post-2988 type-post cat-52 translation_priority-42\"><div class=\"wpex-card wpex-card-template_526 card-black-gradient\"><a href=\"https:\/\/www.fourchette.com\/fr\/niks-brengt-mensen-meer-samen-dan-lekker-eten\/\" aria-label=\"Rien ne rapproche plus les gens qu&rsquo;une bonne cuisine\" class=\"wpex-card-inner wpex-no-underline wpex-inherit-color\"><div class=\"vc_row wpb_row vc_row-fluid wpex-relative\"><div class=\"wpb_column vc_column_container vc_col-sm-12\"><div class=\"vc_column-inner\"><div class=\"wpb_wrapper\"><figure class=\"vcex-image vcex-module\"><div class=\"vcex-image-inner wpex-relative wpex-inline-block\"><span href=\"https:\/\/www.fourchette.com\/fr\/niks-brengt-mensen-meer-samen-dan-lekker-eten\/\"><img loading=\"lazy\" class=\"vcex-image-img wpex-align-middle\" decoding=\"async\" src=\"https:\/\/www.fourchette.com\/wp-content\/uploads\/sites\/2\/2023\/01\/Fourchette_kookatelier-Lagom_glas-600x400.jpg\" alt=\"\" srcset=\"https:\/\/www.fourchette.com\/wp-content\/uploads\/sites\/2\/2023\/01\/Fourchette_kookatelier-Lagom_glas-600x400.jpg 600w, https:\/\/www.fourchette.com\/wp-content\/uploads\/sites\/2\/2023\/01\/Fourchette_kookatelier-Lagom_glas-300x200.jpg 300w, https:\/\/www.fourchette.com\/wp-content\/uploads\/sites\/2\/2023\/01\/Fourchette_kookatelier-Lagom_glas-1024x683.jpg 1024w, https:\/\/www.fourchette.com\/wp-content\/uploads\/sites\/2\/2023\/01\/Fourchette_kookatelier-Lagom_glas-768x512.jpg 768w, https:\/\/www.fourchette.com\/wp-content\/uploads\/sites\/2\/2023\/01\/Fourchette_kookatelier-Lagom_glas.jpg 1200w\" width=\"600\" height=\"400\"><\/span><\/div><\/figure><div class=\"vcex-flex-container vcex-module wpex-flex wpex-gap-20 wpex-flex-col\"><h3 class=\"vcex-heading vcex-heading-plain vcex-module wpex-heading wpex-text-2xl wpex-h3\"><span class=\"vcex-heading-inner wpex-inline-block\">Rien ne rapproche plus les gens qu&rsquo;une bonne cuisine<\/span><\/h3><span href=\"https:\/\/www.fourchette.com\/fr\/niks-brengt-mensen-meer-samen-dan-lekker-eten\/\" class=\"vcex-button theme-txt-link small align-left wpex-inline-block inline\"><span class=\"vcex-button-inner theme-button-inner wpex-flex wpex-flex-wrap wpex-items-center wpex-justify-center\">En savoir plus<\/span><\/span> <\/div><\/div><\/div><\/div><\/div><\/a><\/div><\/div><div class=\"wpex-post-cards-entry col col-1 span_1_of_3 post-2992 type-post cat-52 translation_priority-44 translation_priority-42\"><div class=\"wpex-card wpex-card-template_526 card-black-gradient\"><a href=\"https:\/\/www.fourchette.com\/fr\/bij-lust-dust-delen-zij-graag-hun-gedrevenheid-en-passie-voor-gastronomie\/\" aria-label=\"Chez Lust &amp; Dust, ils aiment partager leur dynamisme et leur passion pour la gastronomie.\" class=\"wpex-card-inner wpex-no-underline wpex-inherit-color\"><div class=\"vc_row wpb_row vc_row-fluid wpex-relative\"><div class=\"wpb_column vc_column_container vc_col-sm-12\"><div class=\"vc_column-inner\"><div class=\"wpb_wrapper\"><figure class=\"vcex-image vcex-module\"><div class=\"vcex-image-inner wpex-relative wpex-inline-block\"><span href=\"https:\/\/www.fourchette.com\/fr\/bij-lust-dust-delen-zij-graag-hun-gedrevenheid-en-passie-voor-gastronomie\/\"><img loading=\"lazy\" class=\"vcex-image-img wpex-align-middle\" decoding=\"async\" src=\"https:\/\/www.fourchette.com\/wp-content\/uploads\/sites\/2\/2023\/01\/Fourchette_-Lust-en-Dust_glas-600x400.jpg\" alt=\"\" width=\"600\" height=\"400\"><\/span><\/div><\/figure><div class=\"vcex-flex-container vcex-module wpex-flex wpex-gap-20 wpex-flex-col\"><h3 class=\"vcex-heading vcex-heading-plain vcex-module wpex-heading wpex-text-2xl wpex-h3\"><span class=\"vcex-heading-inner wpex-inline-block\">Chez Lust &amp; Dust, ils aiment partager leur dynamisme et leur passion pour la gastronomie.<\/span><\/h3><span href=\"https:\/\/www.fourchette.com\/fr\/bij-lust-dust-delen-zij-graag-hun-gedrevenheid-en-passie-voor-gastronomie\/\" class=\"vcex-button theme-txt-link small align-left wpex-inline-block inline\"><span class=\"vcex-button-inner theme-button-inner wpex-flex wpex-flex-wrap wpex-items-center wpex-justify-center\">En savoir plus<\/span><\/span> <\/div><\/div><\/div><\/div><\/div><\/a><\/div><\/div><div class=\"wpex-post-cards-entry col col-2 span_1_of_3 post-2994 type-post cat-52 translation_priority-42\"><div class=\"wpex-card wpex-card-template_526 card-black-gradient\"><a href=\"https:\/\/www.fourchette.com\/fr\/park-adrem-eerlijke-gerechten-in-een-gezellige-authentieke-sfeer\/\" aria-label=\"Park Adrem &#8211; Des plats honn\u00eates, dans une atmosph\u00e8re chaleureuse et authentique.\" class=\"wpex-card-inner wpex-no-underline wpex-inherit-color\"><div class=\"vc_row wpb_row vc_row-fluid wpex-relative\"><div class=\"wpb_column vc_column_container vc_col-sm-12\"><div class=\"vc_column-inner\"><div class=\"wpb_wrapper\"><figure class=\"vcex-image vcex-module\"><div class=\"vcex-image-inner wpex-relative wpex-inline-block\"><span href=\"https:\/\/www.fourchette.com\/fr\/park-adrem-eerlijke-gerechten-in-een-gezellige-authentieke-sfeer\/\"><img loading=\"lazy\" class=\"vcex-image-img wpex-align-middle\" decoding=\"async\" src=\"https:\/\/www.fourchette.com\/wp-content\/uploads\/sites\/2\/2023\/01\/Fourchette_Park-Adrem_tapas-600x400.jpg\" alt=\"\" width=\"600\" height=\"400\"><\/span><\/div><\/figure><div class=\"vcex-flex-container vcex-module wpex-flex wpex-gap-20 wpex-flex-col\"><h3 class=\"vcex-heading vcex-heading-plain vcex-module wpex-heading wpex-text-2xl wpex-h3\"><span class=\"vcex-heading-inner wpex-inline-block\">Park Adrem &#8211; Des plats honn\u00eates, dans une atmosph\u00e8re chaleureuse et authentique.<\/span><\/h3><span href=\"https:\/\/www.fourchette.com\/fr\/park-adrem-eerlijke-gerechten-in-een-gezellige-authentieke-sfeer\/\" class=\"vcex-button theme-txt-link small align-left wpex-inline-block inline\"><span class=\"vcex-button-inner theme-button-inner wpex-flex wpex-flex-wrap wpex-items-center wpex-justify-center\">En savoir plus<\/span><\/span> <\/div><\/div><\/div><\/div><\/div><\/a><\/div><\/div><div class=\"wpex-post-cards-entry col col-3 span_1_of_3 post-2998 type-post cat-52 translation_priority-42\"><div class=\"wpex-card wpex-card-template_526 card-black-gradient\"><a href=\"https:\/\/www.fourchette.com\/fr\/chef-bart-tastenhoye-taste-leuven\/\" aria-label=\"Chef Bart Tastenhoye Go\u00fbt Leuven\" class=\"wpex-card-inner wpex-no-underline wpex-inherit-color\"><div class=\"vc_row wpb_row vc_row-fluid wpex-relative\"><div class=\"wpb_column vc_column_container vc_col-sm-12\"><div class=\"vc_column-inner\"><div class=\"wpb_wrapper\"><figure class=\"vcex-image vcex-module\"><div class=\"vcex-image-inner wpex-relative wpex-inline-block\"><span href=\"https:\/\/www.fourchette.com\/fr\/chef-bart-tastenhoye-taste-leuven\/\"><img loading=\"lazy\" class=\"vcex-image-img wpex-align-middle\" decoding=\"async\" src=\"https:\/\/www.fourchette.com\/wp-content\/uploads\/sites\/2\/2022\/12\/Fourchette_taste_leuven_bart_tastenhoye-600x400.jpg\" alt=\"\" width=\"600\" height=\"400\"><\/span><\/div><\/figure><div class=\"vcex-flex-container vcex-module wpex-flex wpex-gap-20 wpex-flex-col\"><h3 class=\"vcex-heading vcex-heading-plain vcex-module wpex-heading wpex-text-2xl wpex-h3\"><span class=\"vcex-heading-inner wpex-inline-block\">Chef Bart Tastenhoye Go\u00fbt Leuven<\/span><\/h3><span href=\"https:\/\/www.fourchette.com\/fr\/chef-bart-tastenhoye-taste-leuven\/\" class=\"vcex-button theme-txt-link small align-left wpex-inline-block inline\"><span class=\"vcex-button-inner theme-button-inner wpex-flex wpex-flex-wrap wpex-items-center wpex-justify-center\">En savoir plus<\/span><\/span> <\/div><\/div><\/div><\/div><\/div><\/a><\/div><\/div><div class=\"wpex-post-cards-entry col col-1 span_1_of_3 post-3000 type-post cat-52 translation_priority-42\"><div class=\"wpex-card wpex-card-template_526 card-black-gradient\"><a href=\"https:\/\/www.fourchette.com\/fr\/chef-lode-verheyen-van-de-farmasie\/\" aria-label=\"Chef Lode Verheyen de De Farmasie\" class=\"wpex-card-inner wpex-no-underline wpex-inherit-color\"><div class=\"vc_row wpb_row vc_row-fluid wpex-relative\"><div class=\"wpb_column vc_column_container vc_col-sm-12\"><div class=\"vc_column-inner\"><div class=\"wpb_wrapper\"><figure class=\"vcex-image vcex-module\"><div class=\"vcex-image-inner wpex-relative wpex-inline-block\"><span href=\"https:\/\/www.fourchette.com\/fr\/chef-lode-verheyen-van-de-farmasie\/\"><img loading=\"lazy\" class=\"vcex-image-img wpex-align-middle\" decoding=\"async\" src=\"https:\/\/www.fourchette.com\/wp-content\/uploads\/sites\/2\/2022\/12\/Lode-Verheyen-Tarmasie-Fourchette_01-600x400.jpg\" alt=\"\" width=\"600\" height=\"400\"><\/span><\/div><\/figure><div class=\"vcex-flex-container vcex-module wpex-flex wpex-gap-20 wpex-flex-col\"><h3 class=\"vcex-heading vcex-heading-plain vcex-module wpex-heading wpex-text-2xl wpex-h3\"><span class=\"vcex-heading-inner wpex-inline-block\">Chef Lode Verheyen de De Farmasie<\/span><\/h3><span href=\"https:\/\/www.fourchette.com\/fr\/chef-lode-verheyen-van-de-farmasie\/\" class=\"vcex-button theme-txt-link small align-left wpex-inline-block inline\"><span class=\"vcex-button-inner theme-button-inner wpex-flex wpex-flex-wrap wpex-items-center wpex-justify-center\">En savoir plus<\/span><\/span> <\/div><\/div><\/div><\/div><\/div><\/a><\/div><\/div><div class=\"wpex-post-cards-entry col col-2 span_1_of_3 post-3002 type-post cat-52 translation_priority-42\"><div class=\"wpex-card wpex-card-template_526 card-black-gradient\"><a href=\"https:\/\/www.fourchette.com\/fr\/chef-maarten-bouckaert-restaurant-castor\/\" aria-label=\"Chef Maarten Bouckaert Restaurant Castor\" class=\"wpex-card-inner wpex-no-underline wpex-inherit-color\"><div class=\"vc_row wpb_row vc_row-fluid wpex-relative\"><div class=\"wpb_column vc_column_container vc_col-sm-12\"><div class=\"vc_column-inner\"><div class=\"wpb_wrapper\"><figure class=\"vcex-image vcex-module\"><div class=\"vcex-image-inner wpex-relative wpex-inline-block\"><span href=\"https:\/\/www.fourchette.com\/fr\/chef-maarten-bouckaert-restaurant-castor\/\"><img loading=\"lazy\" class=\"vcex-image-img wpex-align-middle\" decoding=\"async\" src=\"https:\/\/www.fourchette.com\/wp-content\/uploads\/sites\/2\/2022\/12\/Castor_Fourchette-600x400.png\" alt=\"\" width=\"600\" height=\"400\"><\/span><\/div><\/figure><div class=\"vcex-flex-container vcex-module wpex-flex wpex-gap-20 wpex-flex-col\"><h3 class=\"vcex-heading vcex-heading-plain vcex-module wpex-heading wpex-text-2xl wpex-h3\"><span class=\"vcex-heading-inner wpex-inline-block\">Chef Maarten Bouckaert Restaurant Castor<\/span><\/h3><span href=\"https:\/\/www.fourchette.com\/fr\/chef-maarten-bouckaert-restaurant-castor\/\" class=\"vcex-button theme-txt-link small align-left wpex-inline-block inline\"><span class=\"vcex-button-inner theme-button-inner wpex-flex wpex-flex-wrap wpex-items-center wpex-justify-center\">En savoir plus<\/span><\/span> <\/div><\/div><\/div><\/div><\/div><\/a><\/div><\/div><div class=\"wpex-post-cards-entry col col-3 span_1_of_3 post-3004 type-post cat-52 translation_priority-42\"><div class=\"wpex-card wpex-card-template_526 card-black-gradient\"><a href=\"https:\/\/www.fourchette.com\/fr\/yalo-urban-boutique-hotel-ghent\/\" aria-label=\"Yalo Urban Boutique Hotel Gand\" class=\"wpex-card-inner wpex-no-underline wpex-inherit-color\"><div class=\"vc_row wpb_row vc_row-fluid wpex-relative\"><div class=\"wpb_column vc_column_container vc_col-sm-12\"><div class=\"vc_column-inner\"><div class=\"wpb_wrapper\"><figure class=\"vcex-image vcex-module\"><div class=\"vcex-image-inner wpex-relative wpex-inline-block\"><span href=\"https:\/\/www.fourchette.com\/fr\/yalo-urban-boutique-hotel-ghent\/\"><img loading=\"lazy\" class=\"vcex-image-img wpex-align-middle\" decoding=\"async\" src=\"https:\/\/www.fourchette.com\/wp-content\/uploads\/sites\/2\/2022\/12\/Fourchette_Yalo-Hotel_02-scaled-600x400.jpg\" alt=\"\" srcset=\"https:\/\/www.fourchette.com\/wp-content\/uploads\/sites\/2\/2022\/12\/Fourchette_Yalo-Hotel_02-scaled-600x400.jpg 600w, https:\/\/www.fourchette.com\/wp-content\/uploads\/sites\/2\/2022\/12\/Fourchette_Yalo-Hotel_02-300x200.jpg 300w, https:\/\/www.fourchette.com\/wp-content\/uploads\/sites\/2\/2022\/12\/Fourchette_Yalo-Hotel_02-1024x683.jpg 1024w, https:\/\/www.fourchette.com\/wp-content\/uploads\/sites\/2\/2022\/12\/Fourchette_Yalo-Hotel_02-768x512.jpg 768w, https:\/\/www.fourchette.com\/wp-content\/uploads\/sites\/2\/2022\/12\/Fourchette_Yalo-Hotel_02-1536x1024.jpg 1536w, https:\/\/www.fourchette.com\/wp-content\/uploads\/sites\/2\/2022\/12\/Fourchette_Yalo-Hotel_02-2048x1365.jpg 2048w\" width=\"600\" height=\"400\"><\/span><\/div><\/figure><div class=\"vcex-flex-container vcex-module wpex-flex wpex-gap-20 wpex-flex-col\"><h3 class=\"vcex-heading vcex-heading-plain vcex-module wpex-heading wpex-text-2xl wpex-h3\"><span class=\"vcex-heading-inner wpex-inline-block\">Yalo Urban Boutique Hotel Gand<\/span><\/h3><span href=\"https:\/\/www.fourchette.com\/fr\/yalo-urban-boutique-hotel-ghent\/\" class=\"vcex-button theme-txt-link small align-left wpex-inline-block inline\"><span class=\"vcex-button-inner theme-button-inner wpex-flex wpex-flex-wrap wpex-items-center wpex-justify-center\">En savoir plus<\/span><\/span> <\/div><\/div><\/div><\/div><\/div><\/a><\/div><\/div><div class=\"wpex-post-cards-entry col col-1 span_1_of_3 post-3006 type-post cat-52 translation_priority-42\"><div class=\"wpex-card wpex-card-template_526 card-black-gradient\"><a href=\"https:\/\/www.fourchette.com\/fr\/brasserie-boulevard\/\" aria-label=\"Chef Philippe Van Leemputten Brasserie Boulevard\" class=\"wpex-card-inner wpex-no-underline wpex-inherit-color\"><div class=\"vc_row wpb_row vc_row-fluid wpex-relative\"><div class=\"wpb_column vc_column_container vc_col-sm-12\"><div class=\"vc_column-inner\"><div class=\"wpb_wrapper\"><figure class=\"vcex-image vcex-module\"><div class=\"vcex-image-inner wpex-relative wpex-inline-block\"><span href=\"https:\/\/www.fourchette.com\/fr\/brasserie-boulevard\/\"><img loading=\"lazy\" class=\"vcex-image-img wpex-align-middle\" decoding=\"async\" src=\"https:\/\/www.fourchette.com\/wp-content\/uploads\/sites\/2\/2022\/12\/Tafelen-met-Fourchette-600x400.png\" alt=\"Fourchette - culinair genieten\" width=\"600\" height=\"400\"><\/span><\/div><\/figure><div class=\"vcex-flex-container vcex-module wpex-flex wpex-gap-20 wpex-flex-col\"><h3 class=\"vcex-heading vcex-heading-plain vcex-module wpex-heading wpex-text-2xl wpex-h3\"><span class=\"vcex-heading-inner wpex-inline-block\">Chef Philippe Van Leemputten Brasserie Boulevard<\/span><\/h3><span href=\"https:\/\/www.fourchette.com\/fr\/brasserie-boulevard\/\" class=\"vcex-button theme-txt-link small align-left wpex-inline-block inline\"><span class=\"vcex-button-inner theme-button-inner wpex-flex wpex-flex-wrap wpex-items-center wpex-justify-center\">En savoir plus<\/span><\/span> <\/div><\/div><\/div><\/div><\/div><\/a><\/div><\/div><\/div><\/div><div class=\"vcex-ajax-loader wpex-hidden wpex-absolute wpex-inset-0 wpex-items-center wpex-justify-center\"><span class=\"vcex-ajax-loader__overlay wpex-absolute wpex-inset-0 wpex-surface-1 wpex-opacity-60 wpex-z-10\"><\/span><div class=\"vcex-ajax-loader__icon wpex-relative wpex-z-20\"><svg height=\"30\" width=\"30\" class=\"wpex-animate-spin wpex-opacity-5\" xmlns=\"http:\/\/www.w3.org\/2000\/svg\" viewBox=\"0 0 16 16\" fill=\"currentColor\"><path fill-rule=\"evenodd\" d=\"M8 3a5 5 0 1 0 4.546 2.914.5.5 0 0 1 .908-.417A6 6 0 1 1 8 2z\"\/><path d=\"M8 4.466V.534a.25.25 0 0 1 .41-.192l2.36 1.966c.12.1.12.284 0 .384L8.41 4.658A.25.25 0 0 1 8 4.466\"\/><\/svg><\/div><\/div><\/div>[\/vc_column][\/vc_row]\n<\/div>","protected":false},"excerpt":{"rendered":"Titres L'histoire culinaire de Thomas Schmidt, g\u00e9rant et ma\u00eetre de la Brasserie Boulevard, a commenc\u00e9 au restaurant \"La Maison du B\u0153uf\", situ\u00e9 au c\u0153ur de Bruxelles, o\u00f9 il a appris les ficelles du m\u00e9tier d\u00e8s son plus jeune \u00e2ge. Plus tard, il a eu l'occasion de perfectionner l'art du service au Hof van Cleve. C'est&hellip;","protected":false},"author":1,"featured_media":0,"parent":0,"menu_order":0,"comment_status":"closed","ping_status":"closed","template":"","meta":{"_acf_changed":false,"_analytify_skip_tracking":false,"footnotes":""},"class_list":["post-2964","page","type-page","status-publish","hentry","entry","no-media"],"acf":[],"_links":{"self":[{"href":"https:\/\/www.fourchette.com\/fr\/wp-json\/wp\/v2\/pages\/2964","targetHints":{"allow":["GET"]}}],"collection":[{"href":"https:\/\/www.fourchette.com\/fr\/wp-json\/wp\/v2\/pages"}],"about":[{"href":"https:\/\/www.fourchette.com\/fr\/wp-json\/wp\/v2\/types\/page"}],"author":[{"embeddable":true,"href":"https:\/\/www.fourchette.com\/fr\/wp-json\/wp\/v2\/users\/1"}],"replies":[{"embeddable":true,"href":"https:\/\/www.fourchette.com\/fr\/wp-json\/wp\/v2\/comments?post=2964"}],"version-history":[{"count":1,"href":"https:\/\/www.fourchette.com\/fr\/wp-json\/wp\/v2\/pages\/2964\/revisions"}],"predecessor-version":[{"id":3281,"href":"https:\/\/www.fourchette.com\/fr\/wp-json\/wp\/v2\/pages\/2964\/revisions\/3281"}],"wp:attachment":[{"href":"https:\/\/www.fourchette.com\/fr\/wp-json\/wp\/v2\/media?parent=2964"}],"curies":[{"name":"wp","href":"https:\/\/api.w.org\/{rel}","templated":true}]}}